{"id":4611,"date":"2023-07-25T14:12:52","date_gmt":"2023-07-25T12:12:52","guid":{"rendered":"https:\/\/www.bageta.lt\/?page_id=4611"},"modified":"2023-08-17T11:13:35","modified_gmt":"2023-08-17T09:13:35","slug":"porta-etichette","status":"publish","type":"page","link":"https:\/\/www.bageta.lt\/it\/prodotti\/accessori-per-imballaggi-in-legno\/porta-etichette\/","title":{"rendered":"Porta-Etichette"},"content":{"rendered":"<h2>I porta-etichette<\/h2>\n<div>\n<p lang=\"lt-LT\" class=\"western\" align=\"left\"><span style=\"color: #1e1814;\"><span style=\"font-size: medium;\">Il portaetichette con finestra trasparente viene utilizzato per l&#8217;etichettatura nei magazzini o nelle linee di produzione.<\/span><\/span><\/p>\n<p lang=\"lt-LT\" class=\"western\" align=\"left\"><span style=\"color: #1e1814;\"><span style=\"font-size: medium;\">Il portaetichette \u00e8 universale e si adatta a tutti i paretali pieghevoli di legno. Il supporto \u00e8 attaccato al paretale pieghevole e la scheda informativa \u00e8 posizionata nella finestra. Ci\u00f2 garantisce che le informazioni rimangano al sicuro, non graffiate e non danneggiate.<\/span><\/span><\/p>\n<p lang=\"lt-LT\" class=\"western\" align=\"left\"><span style=\"color: #1e1814;\"><span style=\"font-size: medium;\">Il telaio del portaetichette pu\u00f2 essere in plastica o metallo.<\/span><\/span><\/p>\n<p lang=\"lt-LT\" class=\"western\" align=\"left\"><span style=\"color: #1e1814;\"><span style=\"font-size: medium;\">La cornice della scheda pu\u00f2 essere adattata al formato del foglio:<\/span><\/span><\/p>\n<ul>\n<li lang=\"lt-LT\" class=\"western\" align=\"left\"><span style=\"color: #1e1814;\"><span style=\"font-size: medium;\">Porta-etichette A5 (210 x 155 mm)<\/span><\/span><\/li>\n<li lang=\"lt-LT\" class=\"western\" align=\"left\"><span style=\"color: #1e1814;\"><span style=\"font-size: medium;\">Porta-etichette A4 (300 x 210 mm)<\/span><\/span><\/li>\n<\/ul>\n<p lang=\"lt-LT\" class=\"western\" align=\"left\"><span style=\"color: #1e1814;\"><span style=\"font-size: medium;\">I portaetichette sono disponibili anche per divisori interni <\/span><\/span><span style=\"color: #1e1814;\"><span style=\"font-size: medium;\">(160 x 60 mm).<\/span><\/span><\/p>\n<\/div>\n<ul>\n<li>\n<p>        <img decoding=\"async\" src=\"\/wp-content\/uploads\/zymejimo-korteles-korteliu-laikikliai-1.jpg\" alt=\"\"><\/p>\n<h3>\u017dym\u0117jimo kortel\u0117s korteli\u0173 laikikliai<\/h3>\n<\/li>\n<li>\n<p>        <img decoding=\"async\" src=\"\/wp-content\/uploads\/zymejimo-korteles-korteliu-laikikliai-2.jpg\" alt=\"\"><\/p>\n<h3>\u017dym\u0117jimo kortel\u0117s korteli\u0173 laikikliai<\/h3>\n<\/li>\n<li>\n<p>        <img decoding=\"async\" src=\"\/wp-content\/uploads\/zymejimo-korteles-korteliu-laikikliai-3.jpg\" alt=\"\"><\/p>\n<h3>\u017dym\u0117jimo kortel\u0117s korteli\u0173 laikikliai<\/h3>\n<\/li>\n<li>\n<p>        <img decoding=\"async\" src=\"\/wp-content\/uploads\/zymejimo-korteles-korteliu-laikikliai-4.jpg\" alt=\"\"><\/p>\n<h3>\u017dym\u0117jimo kortel\u0117s korteli\u0173 laikikliai<\/h3>\n<\/li>\n<\/ul>\n<h3>DALLA PROGETTAZIONE ALLA CONSEGNA!<\/h3>\n<div>Saremo lieti di fornire un preventivo per i paretali pieghevoli per pallet realizzati con legname di prima o di seconda scelta.<\/div>\n<ul>\n<li>\n<div>Fornitura combinata<\/div>\n<\/li>\n<li>\n<div>Consegna con trasporto su strada<\/div>\n<\/li>\n<li>\n<div>Spedizione in container in tutto il mondo<\/div>\n<\/li>\n<\/ul>\n<p>\n    <a href=\"#\">CONTATTACI<\/a>\n<\/p>\n<p><!--more--><br \/>\n<!-- {\"name\":\"Kategorijos puslapis (A)\",\"type\":\"layout\",\"children\":[{\"type\":\"section\",\"props\":{\"style\":\"default\",\"width\":\"default\",\"vertical_align\":\"middle\",\"title_position\":\"top-left\",\"title_rotation\":\"left\",\"title_breakpoint\":\"\",\"image_position\":\"center-center\",\"class\":\"tm-header-image-section\",\"image_size\":\"cover\",\"header_transparent_noplaceholder\":false,\"title\":\"\",\"media_overlay_gradient\":\"linear-gradient(rgba(30, 24, 20, 0.8) 20%, rgba(0, 0, 0, 0) 100%)\",\"text_color\":\"light\"},\"children\":[{\"type\":\"row\",\"children\":[{\"type\":\"column\",\"props\":{\"image_position\":\"center-center\",\"media_overlay_gradient\":\"\",\"vertical_align\":\"middle\",\"position_sticky_breakpoint\":\"m\"},\"children\":[{\"type\":\"headline\",\"props\":{\"title_element\":\"div\",\"text_align\":\"left\",\"text_align_breakpoint\":\"m\",\"text_align_fallback\":\"center\",\"title_style\":\"heading-large\"},\"source\":{\"query\":{\"name\":\"pages.singlePage\"},\"props\":{\"_condition\":{\"filters\":{\"condition\":\"!!\"},\"name\":\"title\"},\"content\":{\"filters\":{\"search\":\"\"},\"name\":\"title\"}}}}]}]}],\"name\":\"Antra\\u0161t\\u0117 su nuotrauka\",\"source\":{\"query\":{\"name\":\"pages.singlePage\"},\"props\":{\"image\":{\"name\":\"field.header_image.url\"}}}},{\"type\":\"section\",\"props\":{\"style\":\"primary\",\"width\":\"default\",\"vertical_align\":\"middle\",\"title_position\":\"top-left\",\"title_rotation\":\"left\",\"title_breakpoint\":\"xl\",\"image_position\":\"center-center\",\"class\":\"tm-breadcrumbs-section\",\"padding\":\"small\",\"preserve_color\":true},\"children\":[{\"type\":\"row\",\"children\":[{\"type\":\"column\",\"props\":{\"image_position\":\"center-center\",\"media_overlay_gradient\":\"\",\"vertical_align\":\"middle\",\"position_sticky_breakpoint\":\"m\"},\"children\":[{\"type\":\"breadcrumbs\",\"props\":{\"show_home\":true,\"show_current\":true,\"class\":\".tm-breadcrumbs\"}}]}]}],\"name\":\"Navigacija\"},{\"type\":\"section\",\"props\":{\"style\":\"default\",\"width\":\"default\",\"vertical_align\":\"middle\",\"title_position\":\"top-left\",\"title_rotation\":\"left\",\"title_breakpoint\":\"xl\",\"image_position\":\"center-center\",\"id\":\"content\"},\"children\":[{\"type\":\"row\",\"props\":{\"layout\":\"1-2,1-2\",\"match\":true},\"children\":[{\"type\":\"column\",\"props\":{\"position_sticky_breakpoint\":\"m\",\"image_position\":\"center-center\",\"media_overlay_gradient\":\"\",\"width_medium\":\"1-2\"},\"children\":[{\"type\":\"headline\",\"props\":{\"title_element\":\"h2\",\"content\":\"I porta-etichette\"}},{\"type\":\"text\",\"props\":{\"margin\":\"default\",\"column_breakpoint\":\"m\",\"content\":\"\n\n<p lang=\\\"lt-LT\\\" class=\\\"western\\\" align=\\\"left\\\"><span style=\\\"color: #1e1814;\\\"><span style=\\\"font-size: medium;\\\">Il portaetichette con finestra trasparente viene utilizzato per l'etichettatura nei magazzini o nelle linee di produzione.<\\\/span><\\\/span><\\\/p>\\n\n\n<p lang=\\\"lt-LT\\\" class=\\\"western\\\" align=\\\"left\\\"><span style=\\\"color: #1e1814;\\\"><span style=\\\"font-size: medium;\\\">Il portaetichette \\u00e8 universale e si adatta a tutti i paretali pieghevoli di legno. Il supporto \\u00e8 attaccato al paretale pieghevole e la scheda informativa \\u00e8 posizionata nella finestra. Ci\\u00f2 garantisce che le informazioni rimangano al sicuro, non graffiate e non danneggiate.<\\\/span><\\\/span><\\\/p>\\n\n\n<p lang=\\\"lt-LT\\\" class=\\\"western\\\" align=\\\"left\\\"><span style=\\\"color: #1e1814;\\\"><span style=\\\"font-size: medium;\\\">Il telaio del portaetichette pu\\u00f2 essere in plastica o metallo.<\\\/span><\\\/span><\\\/p>\\n\n\n<p lang=\\\"lt-LT\\\" class=\\\"western\\\" align=\\\"left\\\"><span style=\\\"color: #1e1814;\\\"><span style=\\\"font-size: medium;\\\">La cornice della scheda pu\\u00f2 essere adattata al formato del foglio:<\\\/span><\\\/span><\\\/p>\\n\n\n<ul>\\n\n\n<li lang=\\\"lt-LT\\\" class=\\\"western\\\" align=\\\"left\\\"><span style=\\\"color: #1e1814;\\\"><span style=\\\"font-size: medium;\\\">Porta-etichette A5 (210 x 155 mm)<\\\/span><\\\/span><\\\/li>\\n\n\n<li lang=\\\"lt-LT\\\" class=\\\"western\\\" align=\\\"left\\\"><span style=\\\"color: #1e1814;\\\"><span style=\\\"font-size: medium;\\\">Porta-etichette A4 (300 x 210 mm)<\\\/span><\\\/span><\\\/li>\\n<\\\/ul>\\n\n\n<p lang=\\\"lt-LT\\\" class=\\\"western\\\" align=\\\"left\\\"><span style=\\\"color: #1e1814;\\\"><span style=\\\"font-size: medium;\\\">I portaetichette sono disponibili anche per divisori interni <\\\/span><\\\/span><span style=\\\"color: #1e1814;\\\"><span style=\\\"font-size: medium;\\\">(160 x 60 mm).<\\\/span><\\\/span><\\\/p>\"}}]},{\"type\":\"column\",\"props\":{\"position_sticky_breakpoint\":\"m\",\"image_position\":\"center-center\",\"media_overlay_gradient\":\"\",\"width_medium\":\"1-2\"},\"children\":[{\"type\":\"slideshow\",\"props\":{\"show_title\":false,\"show_meta\":false,\"show_content\":true,\"show_link\":true,\"show_thumbnail\":true,\"slideshow_min_height\":\"400\",\"slideshow_autoplay_pause\":true,\"nav\":\"thumbnav\",\"nav_position\":\"bottom-center\",\"nav_position_margin\":\"medium\",\"nav_align\":\"center\",\"nav_breakpoint\":\"\",\"thumbnav_width\":\"100\",\"thumbnav_height\":\"75\",\"thumbnav_svg_color\":\"emphasis\",\"slidenav\":\"default\",\"slidenav_margin\":\"\",\"slidenav_breakpoint\":\"\",\"slidenav_outside_breakpoint\":\"s\",\"overlay_position\":\"center-left\",\"overlay_animation\":\"parallax\",\"title_element\":\"h3\",\"meta_style\":\"meta\",\"meta_align\":\"below-title\",\"meta_element\":\"div\",\"link_text\":\"Read more\",\"link_style\":\"default\",\"margin\":\"default\",\"nav_below\":true,\"thumbnav_nowrap\":true,\"slidenav_hover\":true,\"image_width\":\"600\",\"image_height\":\"400\"},\"children\":[{\"type\":\"slideshow_item\",\"props\":{\"title\":\"\\u017dym\\u0117jimo kortel\\u0117s korteli\\u0173 laikikliai\",\"image\":\"wp-content\\\/uploads\\\/zymejimo-korteles-korteliu-laikikliai-1.jpg\"}},{\"type\":\"slideshow_item\",\"props\":{\"title\":\"\\u017dym\\u0117jimo kortel\\u0117s korteli\\u0173 laikikliai\",\"image\":\"wp-content\\\/uploads\\\/zymejimo-korteles-korteliu-laikikliai-2.jpg\"}},{\"type\":\"slideshow_item\",\"props\":{\"title\":\"\\u017dym\\u0117jimo kortel\\u0117s korteli\\u0173 laikikliai\",\"image\":\"wp-content\\\/uploads\\\/zymejimo-korteles-korteliu-laikikliai-3.jpg\"}},{\"type\":\"slideshow_item\",\"props\":{\"title\":\"\\u017dym\\u0117jimo kortel\\u0117s korteli\\u0173 laikikliai\",\"image\":\"wp-content\\\/uploads\\\/zymejimo-korteles-korteliu-laikikliai-4.jpg\"}}]}]}]}],\"name\":\"Turinys\"},{\"type\":\"section\",\"props\":{\"style\":\"secondary\",\"width\":\"default\",\"vertical_align\":\"middle\",\"title_position\":\"top-left\",\"title_rotation\":\"left\",\"title_breakpoint\":\"xl\",\"image_position\":\"center-center\"},\"children\":[{\"type\":\"row\",\"props\":{\"margin_remove_bottom\":true},\"children\":[{\"type\":\"column\",\"props\":{\"position_sticky_breakpoint\":\"m\",\"image_position\":\"center-center\",\"media_overlay_gradient\":\"\"},\"children\":[{\"type\":\"headline\",\"props\":{\"title_element\":\"h3\",\"content\":\"DALLA PROGETTAZIONE ALLA CONSEGNA!\",\"title_style\":\"heading-large\",\"text_align\":\"center\"}}]}]},{\"type\":\"row\",\"children\":[{\"type\":\"column\",\"props\":{\"position_sticky_breakpoint\":\"m\",\"image_position\":\"center-center\",\"media_overlay_gradient\":\"\",\"width_medium\":\"1-2\",\"vertical_align\":\"middle\"},\"children\":[{\"type\":\"text\",\"props\":{\"margin\":\"default\",\"column_breakpoint\":\"m\",\"content\":\"Saremo lieti di fornire un preventivo per i paretali pieghevoli per pallet realizzati con legname di prima o di seconda scelta.\",\"text_align\":\"center\",\"text_style\":\"lead\"},\"name\":\"Pary\\u0161kintas tekstas\"}]},{\"type\":\"column\",\"props\":{\"position_sticky_breakpoint\":\"m\",\"image_position\":\"center-center\",\"media_overlay_gradient\":\"\",\"width_medium\":\"1-2\",\"vertical_align\":\"middle\"},\"children\":[{\"type\":\"list\",\"props\":{\"show_image\":true,\"show_link\":true,\"list_type\":\"vertical\",\"list_element\":\"ul\",\"list_horizontal_separator\":\", \",\"column_breakpoint\":\"m\",\"image_svg_color\":\"emphasis\",\"image_align\":\"left\",\"image_vertical_align\":true,\"text_align\":\"center\"},\"children\":[{\"type\":\"list_item\",\"props\":{\"content\":\"Fornitura combinata\",\"icon\":\"check\"}},{\"type\":\"list_item\",\"props\":{\"content\":\"Consegna con trasporto su strada\",\"icon\":\"check\"}},{\"type\":\"list_item\",\"props\":{\"content\":\"Spedizione in container in tutto il mondo\",\"icon\":\"check\"}}]}]}],\"props\":{\"layout\":\"1-2,1-2\",\"match\":true,\"margin_remove_bottom\":true}},{\"type\":\"row\",\"children\":[{\"type\":\"column\",\"props\":{\"position_sticky_breakpoint\":\"m\",\"image_position\":\"center-center\",\"media_overlay_gradient\":\"\"},\"children\":[{\"type\":\"button\",\"props\":{\"grid_column_gap\":\"small\",\"grid_row_gap\":\"small\",\"margin\":\"default\",\"fullwidth\":false,\"attributes\":\"uk-toggle=\\\"target: #modal\\\"\",\"text_align\":\"center\"},\"children\":[{\"type\":\"button_item\",\"props\":{\"button_style\":\"default\",\"icon_align\":\"right\",\"content\":\"CONTATTACI\",\"link\":\"#\",\"icon\":\"file-edit\",\"link_target\":\"modal\"}}]}]}]}],\"name\":\"Susisiekti blokas\"}],\"version\":\"2.7.23\"} --><\/p>\n","protected":false},"excerpt":{"rendered":"<p>I porta-etichette Il portaetichette con finestra trasparente viene utilizzato per l&#8217;etichettatura nei magazzini o nelle linee di produzione. Il portaetichette \u00e8 universale e si adatta a tutti i paretali pieghevoli di legno. Il supporto \u00e8 attaccato al paretale pieghevole e la scheda informativa \u00e8 posizionata nella finestra. Ci\u00f2 garantisce che le informazioni rimangano al sicuro, [&hellip;]<\/p>\n","protected":false},"author":3,"featured_media":0,"parent":4609,"menu_order":99,"comment_status":"closed","ping_status":"closed","template":"","meta":{"_acf_changed":false,"inline_featured_image":false,"footnotes":""},"class_list":["post-4611","page","type-page","status-publish","hentry"],"acf":[],"yoast_head":"<!-- This site is optimized with the Yoast SEO plugin v27.5 - https:\/\/yoast.com\/product\/yoast-seo-wordpress\/ -->\n<title>Porta-Etichette - BAGETA<\/title>\n<meta name=\"description\" content=\"I porta-etichette Il portaetichette con finestra trasparente viene utilizzato per l&#039;etichettatura nei magazzini o nelle linee di produzione. Il\" \/>\n<meta name=\"robots\" content=\"index, follow, max-snippet:-1, max-image-preview:large, max-video-preview:-1\" \/>\n<link rel=\"canonical\" href=\"https:\/\/www.bageta.lt\/it\/prodotti\/accessori-per-imballaggi-in-legno\/porta-etichette\/\" \/>\n<meta property=\"og:locale\" content=\"it_IT\" \/>\n<meta property=\"og:type\" content=\"article\" \/>\n<meta property=\"og:title\" content=\"Porta-Etichette - BAGETA\" \/>\n<meta property=\"og:description\" content=\"I porta-etichette Il portaetichette con finestra trasparente viene utilizzato per l&#039;etichettatura nei magazzini o nelle linee di produzione. Il\" \/>\n<meta property=\"og:url\" content=\"https:\/\/www.bageta.lt\/it\/prodotti\/accessori-per-imballaggi-in-legno\/porta-etichette\/\" \/>\n<meta property=\"og:site_name\" content=\"BAGETA\" \/>\n<meta property=\"article:modified_time\" content=\"2023-08-17T09:13:35+00:00\" \/>\n<meta name=\"twitter:card\" content=\"summary_large_image\" \/>\n<meta name=\"twitter:label1\" content=\"Est. reading time\" \/>\n\t<meta name=\"twitter:data1\" content=\"2 minutes\" \/>\n<script type=\"application\/ld+json\" class=\"yoast-schema-graph\">{\"@context\":\"https:\\\/\\\/schema.org\",\"@graph\":[{\"@type\":\"WebPage\",\"@id\":\"https:\\\/\\\/www.bageta.lt\\\/it\\\/prodotti\\\/accessori-per-imballaggi-in-legno\\\/porta-etichette\\\/\",\"url\":\"https:\\\/\\\/www.bageta.lt\\\/it\\\/prodotti\\\/accessori-per-imballaggi-in-legno\\\/porta-etichette\\\/\",\"name\":\"Porta-Etichette - BAGETA\",\"isPartOf\":{\"@id\":\"https:\\\/\\\/www.bageta.lt\\\/it\\\/#website\"},\"datePublished\":\"2023-07-25T12:12:52+00:00\",\"dateModified\":\"2023-08-17T09:13:35+00:00\",\"description\":\"I porta-etichette Il portaetichette con finestra trasparente viene utilizzato per l'etichettatura nei magazzini o nelle linee di produzione. Il\",\"breadcrumb\":{\"@id\":\"https:\\\/\\\/www.bageta.lt\\\/it\\\/prodotti\\\/accessori-per-imballaggi-in-legno\\\/porta-etichette\\\/#breadcrumb\"},\"inLanguage\":\"it-IT\",\"potentialAction\":[{\"@type\":\"ReadAction\",\"target\":[\"https:\\\/\\\/www.bageta.lt\\\/it\\\/prodotti\\\/accessori-per-imballaggi-in-legno\\\/porta-etichette\\\/\"]}]},{\"@type\":\"BreadcrumbList\",\"@id\":\"https:\\\/\\\/www.bageta.lt\\\/it\\\/prodotti\\\/accessori-per-imballaggi-in-legno\\\/porta-etichette\\\/#breadcrumb\",\"itemListElement\":[{\"@type\":\"ListItem\",\"position\":1,\"name\":\"Antra\u0161tinis\",\"item\":\"https:\\\/\\\/www.bageta.lt\\\/it\\\/\"},{\"@type\":\"ListItem\",\"position\":2,\"name\":\"Prodotti\",\"item\":\"https:\\\/\\\/www.bageta.lt\\\/it\\\/prodotti\\\/\"},{\"@type\":\"ListItem\",\"position\":3,\"name\":\"Accessori per imballaggi in legno\",\"item\":\"https:\\\/\\\/www.bageta.lt\\\/it\\\/prodotti\\\/accessori-per-imballaggi-in-legno\\\/\"},{\"@type\":\"ListItem\",\"position\":4,\"name\":\"Porta-Etichette\"}]},{\"@type\":\"WebSite\",\"@id\":\"https:\\\/\\\/www.bageta.lt\\\/it\\\/#website\",\"url\":\"https:\\\/\\\/www.bageta.lt\\\/it\\\/\",\"name\":\"BAGETA\",\"description\":\"Auk\u0161tos kokyb\u0117s medienos gaminiai\",\"publisher\":{\"@id\":\"https:\\\/\\\/www.bageta.lt\\\/it\\\/#organization\"},\"potentialAction\":[{\"@type\":\"SearchAction\",\"target\":{\"@type\":\"EntryPoint\",\"urlTemplate\":\"https:\\\/\\\/www.bageta.lt\\\/it\\\/?s={search_term_string}\"},\"query-input\":{\"@type\":\"PropertyValueSpecification\",\"valueRequired\":true,\"valueName\":\"search_term_string\"}}],\"inLanguage\":\"it-IT\"},{\"@type\":\"Organization\",\"@id\":\"https:\\\/\\\/www.bageta.lt\\\/it\\\/#organization\",\"name\":\"BAGETA, UAB\",\"url\":\"https:\\\/\\\/www.bageta.lt\\\/it\\\/\",\"logo\":{\"@type\":\"ImageObject\",\"inLanguage\":\"it-IT\",\"@id\":\"https:\\\/\\\/www.bageta.lt\\\/it\\\/#\\\/schema\\\/logo\\\/image\\\/\",\"url\":\"https:\\\/\\\/www.bageta.lt\\\/wp-content\\\/uploads\\\/bageta-logo.png\",\"contentUrl\":\"https:\\\/\\\/www.bageta.lt\\\/wp-content\\\/uploads\\\/bageta-logo.png\",\"width\":243,\"height\":120,\"caption\":\"BAGETA, UAB\"},\"image\":{\"@id\":\"https:\\\/\\\/www.bageta.lt\\\/it\\\/#\\\/schema\\\/logo\\\/image\\\/\"}}]}<\/script>\n<!-- \/ Yoast SEO plugin. -->","yoast_head_json":{"title":"Porta-Etichette - BAGETA","description":"I porta-etichette Il portaetichette con finestra trasparente viene utilizzato per l'etichettatura nei magazzini o nelle linee di produzione. Il","robots":{"index":"index","follow":"follow","max-snippet":"max-snippet:-1","max-image-preview":"max-image-preview:large","max-video-preview":"max-video-preview:-1"},"canonical":"https:\/\/www.bageta.lt\/it\/prodotti\/accessori-per-imballaggi-in-legno\/porta-etichette\/","og_locale":"it_IT","og_type":"article","og_title":"Porta-Etichette - BAGETA","og_description":"I porta-etichette Il portaetichette con finestra trasparente viene utilizzato per l'etichettatura nei magazzini o nelle linee di produzione. Il","og_url":"https:\/\/www.bageta.lt\/it\/prodotti\/accessori-per-imballaggi-in-legno\/porta-etichette\/","og_site_name":"BAGETA","article_modified_time":"2023-08-17T09:13:35+00:00","twitter_card":"summary_large_image","twitter_misc":{"Est. reading time":"2 minutes"},"schema":{"@context":"https:\/\/schema.org","@graph":[{"@type":"WebPage","@id":"https:\/\/www.bageta.lt\/it\/prodotti\/accessori-per-imballaggi-in-legno\/porta-etichette\/","url":"https:\/\/www.bageta.lt\/it\/prodotti\/accessori-per-imballaggi-in-legno\/porta-etichette\/","name":"Porta-Etichette - BAGETA","isPartOf":{"@id":"https:\/\/www.bageta.lt\/it\/#website"},"datePublished":"2023-07-25T12:12:52+00:00","dateModified":"2023-08-17T09:13:35+00:00","description":"I porta-etichette Il portaetichette con finestra trasparente viene utilizzato per l'etichettatura nei magazzini o nelle linee di produzione. Il","breadcrumb":{"@id":"https:\/\/www.bageta.lt\/it\/prodotti\/accessori-per-imballaggi-in-legno\/porta-etichette\/#breadcrumb"},"inLanguage":"it-IT","potentialAction":[{"@type":"ReadAction","target":["https:\/\/www.bageta.lt\/it\/prodotti\/accessori-per-imballaggi-in-legno\/porta-etichette\/"]}]},{"@type":"BreadcrumbList","@id":"https:\/\/www.bageta.lt\/it\/prodotti\/accessori-per-imballaggi-in-legno\/porta-etichette\/#breadcrumb","itemListElement":[{"@type":"ListItem","position":1,"name":"Antra\u0161tinis","item":"https:\/\/www.bageta.lt\/it\/"},{"@type":"ListItem","position":2,"name":"Prodotti","item":"https:\/\/www.bageta.lt\/it\/prodotti\/"},{"@type":"ListItem","position":3,"name":"Accessori per imballaggi in legno","item":"https:\/\/www.bageta.lt\/it\/prodotti\/accessori-per-imballaggi-in-legno\/"},{"@type":"ListItem","position":4,"name":"Porta-Etichette"}]},{"@type":"WebSite","@id":"https:\/\/www.bageta.lt\/it\/#website","url":"https:\/\/www.bageta.lt\/it\/","name":"BAGETA","description":"Auk\u0161tos kokyb\u0117s medienos gaminiai","publisher":{"@id":"https:\/\/www.bageta.lt\/it\/#organization"},"potentialAction":[{"@type":"SearchAction","target":{"@type":"EntryPoint","urlTemplate":"https:\/\/www.bageta.lt\/it\/?s={search_term_string}"},"query-input":{"@type":"PropertyValueSpecification","valueRequired":true,"valueName":"search_term_string"}}],"inLanguage":"it-IT"},{"@type":"Organization","@id":"https:\/\/www.bageta.lt\/it\/#organization","name":"BAGETA, UAB","url":"https:\/\/www.bageta.lt\/it\/","logo":{"@type":"ImageObject","inLanguage":"it-IT","@id":"https:\/\/www.bageta.lt\/it\/#\/schema\/logo\/image\/","url":"https:\/\/www.bageta.lt\/wp-content\/uploads\/bageta-logo.png","contentUrl":"https:\/\/www.bageta.lt\/wp-content\/uploads\/bageta-logo.png","width":243,"height":120,"caption":"BAGETA, UAB"},"image":{"@id":"https:\/\/www.bageta.lt\/it\/#\/schema\/logo\/image\/"}}]}},"_links":{"self":[{"href":"https:\/\/www.bageta.lt\/it\/wp-json\/wp\/v2\/pages\/4611","targetHints":{"allow":["GET"]}}],"collection":[{"href":"https:\/\/www.bageta.lt\/it\/wp-json\/wp\/v2\/pages"}],"about":[{"href":"https:\/\/www.bageta.lt\/it\/wp-json\/wp\/v2\/types\/page"}],"author":[{"embeddable":true,"href":"https:\/\/www.bageta.lt\/it\/wp-json\/wp\/v2\/users\/3"}],"replies":[{"embeddable":true,"href":"https:\/\/www.bageta.lt\/it\/wp-json\/wp\/v2\/comments?post=4611"}],"version-history":[{"count":5,"href":"https:\/\/www.bageta.lt\/it\/wp-json\/wp\/v2\/pages\/4611\/revisions"}],"predecessor-version":[{"id":4742,"href":"https:\/\/www.bageta.lt\/it\/wp-json\/wp\/v2\/pages\/4611\/revisions\/4742"}],"up":[{"embeddable":true,"href":"https:\/\/www.bageta.lt\/it\/wp-json\/wp\/v2\/pages\/4609"}],"wp:attachment":[{"href":"https:\/\/www.bageta.lt\/it\/wp-json\/wp\/v2\/media?parent=4611"}],"curies":[{"name":"wp","href":"https:\/\/api.w.org\/{rel}","templated":true}]}}